{"id":2746,"date":"2025-01-13T12:37:08","date_gmt":"2025-01-13T11:37:08","guid":{"rendered":"https:\/\/mellacaseta.cat\/productos\/velas\/"},"modified":"2025-01-13T12:51:44","modified_gmt":"2025-01-13T11:51:44","slug":"velas","status":"publish","type":"page","link":"https:\/\/mellacaseta.cat\/es\/productos\/velas\/","title":{"rendered":"Velas"},"content":{"rendered":"\n<style type=\"text\/css\" data-created_by=\"avia_inline_auto\" id=\"style-css-av-rfugh7-727849eed00dccdacc4b7173085013ed\">\n.avia-section.av-rfugh7-727849eed00dccdacc4b7173085013ed{\nbackground-repeat:no-repeat;\nbackground-image:url(https:\/\/mellacaseta.cat\/wp-content\/uploads\/2024\/11\/mel-la-caseta-107-1500x630.jpg);\nbackground-position:50% 50%;\nbackground-attachment:scroll;\n}\n.avia-section.av-rfugh7-727849eed00dccdacc4b7173085013ed .av-section-color-overlay{\nopacity:0.5;\nbackground-color:#0a0a0a;\n}\n<\/style>\n<div id='av_section_1'  class='avia-section av-rfugh7-727849eed00dccdacc4b7173085013ed alternate_color avia-section-default avia-no-border-styling  avia-builder-el-0  el_before_av_heading  avia-builder-el-first  breadcrumb-slider avia-full-stretch avia-bg-style-scroll av-section-color-overlay-active av-minimum-height av-minimum-height-50 av-height-50  container_wrap fullsize'  data-section-bg-repeat='stretch' data-av_minimum_height_pc='50' data-av_min_height_opt='50'><div class=\"av-section-color-overlay-wrap\"><div class=\"av-section-color-overlay\"><\/div><div class='container av-section-cont-open' ><main  role=\"main\" itemprop=\"mainContentOfPage\"  class='template-page content  av-content-full alpha units'><div class='post-entry post-entry-type-page post-entry-2746'><div class='entry-content-wrapper clearfix'>\n<section  class='av_textblock_section av-22jxzc-325758fa3ccfc250be48ba8dc826f063 '   itemscope=\"itemscope\" itemtype=\"https:\/\/schema.org\/CreativeWork\" ><div class='avia_textblock'  itemprop=\"text\" ><p class=\"bread-propi\" style=\"text-align: center;\">Velas de Miel<\/p>\n<p class=\"bread-propi\" style=\"text-align: center;\"><div class=\"breadcrumb breadcrumbs avia-breadcrumbs\"><div class=\"breadcrumb-trail\" ><span class=\"trail-before\"><span class=\"breadcrumb-title\">Usted est\u00e1 aqu\u00ed:<\/span><\/span> <span  itemscope=\"itemscope\" itemtype=\"https:\/\/schema.org\/BreadcrumbList\" ><span  itemscope=\"itemscope\" itemtype=\"https:\/\/schema.org\/ListItem\" itemprop=\"itemListElement\" ><a itemprop=\"url\" href=\"https:\/\/mellacaseta.cat\/es\/\" title=\"Mel La Caseta\" rel=\"home\" class=\"trail-begin\"><span itemprop=\"name\">Inicio<\/span><\/a><span itemprop=\"position\" class=\"hidden\">1<\/span><\/span><\/span><\/div><\/div><\/p>\n<\/div><\/section>\n<\/div><\/div><\/main><!-- close content main element --><\/div><\/div><\/div><div id='after_section_1'  class='main_color av_default_container_wrap container_wrap fullsize'  ><div class='container av-section-cont-open' ><div class='template-page content  av-content-full alpha units'><div class='post-entry post-entry-type-page post-entry-2746'><div class='entry-content-wrapper clearfix'>\n\n<style type=\"text\/css\" data-created_by=\"avia_inline_auto\" id=\"style-css-av-m2lraox7-7cb41fa52f571731d59151fe3362ed9a\">\n#top .av-special-heading.av-m2lraox7-7cb41fa52f571731d59151fe3362ed9a{\npadding-bottom:10px;\n}\nbody .av-special-heading.av-m2lraox7-7cb41fa52f571731d59151fe3362ed9a .av-special-heading-tag .heading-char{\nfont-size:25px;\n}\n.av-special-heading.av-m2lraox7-7cb41fa52f571731d59151fe3362ed9a .av-subheading{\nfont-size:15px;\n}\n<\/style>\n<div  class='av-special-heading av-m2lraox7-7cb41fa52f571731d59151fe3362ed9a av-special-heading-h1 blockquote modern-quote modern-centered  avia-builder-el-2  el_after_av_section  el_before_av_hr  avia-builder-el-first '><h1 class='av-special-heading-tag '  itemprop=\"headline\"  >Velas hechas con cera de abeja 100% natural<\/h1><div class=\"special-heading-border\"><div class=\"special-heading-inner-border\"><\/div><\/div><\/div>\n\n<style type=\"text\/css\" data-created_by=\"avia_inline_auto\" id=\"style-css-av-2ijn8r-eb6af3f6515f5e57c786d51027e79789\">\n#top .hr.hr-invisible.av-2ijn8r-eb6af3f6515f5e57c786d51027e79789{\nheight:45px;\n}\n<\/style>\n<div  class='hr av-2ijn8r-eb6af3f6515f5e57c786d51027e79789 hr-invisible  avia-builder-el-3  el_after_av_heading  el_before_av_one_half '><span class='hr-inner '><span class=\"hr-inner-style\"><\/span><\/span><\/div>\n<div  class='flex_column av-pdihln-f25041c6c8ff883c6b6107419480ec91 av_one_half  avia-builder-el-4  el_after_av_hr  el_before_av_one_half  first flex_column_div  '     ><section  class='av_textblock_section av-o1st6j-52160820eeda98e567ba33df93bfcf4e '   itemscope=\"itemscope\" itemtype=\"https:\/\/schema.org\/CreativeWork\" ><div class='avia_textblock'  itemprop=\"text\" ><p>La cera de abeja es un producto puro y natural que se ha utilizado durante siglos por su belleza y versatilidad. Adem\u00e1s de ser un material completamente biodegradable, la cera de abeja aporta una luz c\u00e1lida y relajante, convirti\u00e9ndose en la perfecta elecci\u00f3n para las velas artesanales. Descubre por qu\u00e9 las velas de cera de abeja son mucho m\u00e1s que un detalle decorativo: son una apuesta por la calidad, bienestar y sostenibilidad.<\/p>\n<\/div><\/section><\/div>\n<div  class='flex_column av-mccnu3-28d9c5490d18e91882919a6aaaadc325 av_one_half  avia-builder-el-6  el_after_av_one_half  el_before_av_hr  flex_column_div  '     ><style type=\"text\/css\" data-created_by=\"avia_inline_auto\" id=\"style-css-av-k64y3f-23c52906a1ea39f510652ec7a22e4883\">\n.avia-image-container.av-k64y3f-23c52906a1ea39f510652ec7a22e4883 img.avia_image{\nbox-shadow:none;\n}\n.avia-image-container.av-k64y3f-23c52906a1ea39f510652ec7a22e4883 .av-image-caption-overlay-center{\ncolor:#ffffff;\n}\n<\/style>\n<div  class='avia-image-container av-k64y3f-23c52906a1ea39f510652ec7a22e4883 av-styling- avia-align-center  avia-builder-el-7  avia-builder-el-no-sibling '   itemprop=\"image\" itemscope=\"itemscope\" itemtype=\"https:\/\/schema.org\/ImageObject\" ><div class=\"avia-image-container-inner\"><div class=\"avia-image-overlay-wrap\"><img decoding=\"async\" fetchpriority=\"high\" class='wp-image-2701 avia-img-lazy-loading-not-2701 avia_image ' src=\"https:\/\/mellacaseta.cat\/wp-content\/uploads\/2024\/10\/espelmes-scaled.jpg\" alt='Lot 2x500gr' title='espelmes'  height=\"563\" width=\"845\"  itemprop=\"thumbnailUrl\"  \/><\/div><\/div><\/div><\/div>\n\n<style type=\"text\/css\" data-created_by=\"avia_inline_auto\" id=\"style-css-av-m2lrhsgj-1cfb1c991f63efdc3d85196477b8c952\">\n#top .hr.hr-invisible.av-m2lrhsgj-1cfb1c991f63efdc3d85196477b8c952{\nheight:45px;\n}\n<\/style>\n<div  class='hr av-m2lrhsgj-1cfb1c991f63efdc3d85196477b8c952 hr-invisible  avia-builder-el-8  el_after_av_one_half  el_before_av_heading '><span class='hr-inner '><span class=\"hr-inner-style\"><\/span><\/span><\/div>\n\n<style type=\"text\/css\" data-created_by=\"avia_inline_auto\" id=\"style-css-av-m2lre4y6-424c9ef8d86b812dfe1acf29882d544e\">\n#top .av-special-heading.av-m2lre4y6-424c9ef8d86b812dfe1acf29882d544e{\npadding-bottom:10px;\n}\nbody .av-special-heading.av-m2lre4y6-424c9ef8d86b812dfe1acf29882d544e .av-special-heading-tag .heading-char{\nfont-size:25px;\n}\n.av-special-heading.av-m2lre4y6-424c9ef8d86b812dfe1acf29882d544e .av-subheading{\nfont-size:15px;\n}\n<\/style>\n<div  class='av-special-heading av-m2lre4y6-424c9ef8d86b812dfe1acf29882d544e av-special-heading-h2 blockquote modern-quote modern-centered  avia-builder-el-9  el_after_av_hr  el_before_av_hr '><h2 class='av-special-heading-tag '  itemprop=\"headline\"  >Cera de abeja: el Tesoro natural para tus velas<\/h2><div class=\"special-heading-border\"><div class=\"special-heading-inner-border\"><\/div><\/div><\/div>\n\n<style type=\"text\/css\" data-created_by=\"avia_inline_auto\" id=\"style-css-av-j18olk-e77e05985a9844a80960ef09f99d8abe\">\n#top .hr.hr-invisible.av-j18olk-e77e05985a9844a80960ef09f99d8abe{\nheight:45px;\n}\n<\/style>\n<div  class='hr av-j18olk-e77e05985a9844a80960ef09f99d8abe hr-invisible  avia-builder-el-10  el_after_av_heading  el_before_av_one_half '><span class='hr-inner '><span class=\"hr-inner-style\"><\/span><\/span><\/div>\n<div  class='flex_column av-j16je3-6207f3216562b82d273ebbcefc257ebe av_one_half  avia-builder-el-11  el_after_av_hr  el_before_av_one_half  first flex_column_div  '     ><style type=\"text\/css\" data-created_by=\"avia_inline_auto\" id=\"style-css-av-m2lrn1nr-b34f6e69d6fc489e849443ac8ed010df\">\n.avia-image-container.av-m2lrn1nr-b34f6e69d6fc489e849443ac8ed010df img.avia_image{\nbox-shadow:none;\n}\n.avia-image-container.av-m2lrn1nr-b34f6e69d6fc489e849443ac8ed010df .av-image-caption-overlay-center{\ncolor:#ffffff;\n}\n<\/style>\n<div  class='avia-image-container av-m2lrn1nr-b34f6e69d6fc489e849443ac8ed010df av-styling- avia-align-center  avia-builder-el-12  avia-builder-el-no-sibling '   itemprop=\"image\" itemscope=\"itemscope\" itemtype=\"https:\/\/schema.org\/ImageObject\" ><div class=\"avia-image-container-inner\"><div class=\"avia-image-overlay-wrap\"><img decoding=\"async\" fetchpriority=\"high\" class='wp-image-3559 avia-img-lazy-loading-not-3559 avia_image ' src=\"https:\/\/mellacaseta.cat\/wp-content\/uploads\/2024\/10\/mel-la-caseta-143-scaled-1500x630.jpg\" alt='' title='Mel La Caseta'  height=\"630\" width=\"1500\"  itemprop=\"thumbnailUrl\"  \/><\/div><\/div><\/div><\/div>\n<div  class='flex_column av-1r1f54-1a657a71dc0f5967a985624dacc0fb67 av_one_half  avia-builder-el-13  el_after_av_one_half  el_before_av_hr  flex_column_div  '     ><section  class='av_textblock_section av-m2mzmxbr-e942b6a2865ed8f4691b6303448ab0b1 '   itemscope=\"itemscope\" itemtype=\"https:\/\/schema.org\/CreativeWork\" ><div class='avia_textblock'  itemprop=\"text\" ><p>La cera de abeja es un producto natural excepcional que se ha utilizado durante siglos por su belleza y funcionalidad. Obtenida de las gl\u00e1ndulas cer\u00edferas de las abejas trabajadoras, esta cera es un material biodegradable, sin aditivos qu\u00edmicos ni contaminantes. Su textura suave y su color dorado la hacen \u00fanica, adem\u00e1s de aportar un aroma sutil y natural que mejora cualquier espacio.<\/p>\n<\/div><\/section><\/div>\n\n<style type=\"text\/css\" data-created_by=\"avia_inline_auto\" id=\"style-css-av-f38de0-04c385527816a45c740df52b21c24569\">\n#top .hr.hr-invisible.av-f38de0-04c385527816a45c740df52b21c24569{\nheight:45px;\n}\n<\/style>\n<div  class='hr av-f38de0-04c385527816a45c740df52b21c24569 hr-invisible  avia-builder-el-15  el_after_av_one_half  el_before_av_heading '><span class='hr-inner '><span class=\"hr-inner-style\"><\/span><\/span><\/div>\n\n<style type=\"text\/css\" data-created_by=\"avia_inline_auto\" id=\"style-css-av-m2mzoxvd-e4a32ed6639db9b647fa85df59c04495\">\n#top .av-special-heading.av-m2mzoxvd-e4a32ed6639db9b647fa85df59c04495{\npadding-bottom:10px;\n}\nbody .av-special-heading.av-m2mzoxvd-e4a32ed6639db9b647fa85df59c04495 .av-special-heading-tag .heading-char{\nfont-size:25px;\n}\n.av-special-heading.av-m2mzoxvd-e4a32ed6639db9b647fa85df59c04495 .av-subheading{\nfont-size:15px;\n}\n<\/style>\n<div  class='av-special-heading av-m2mzoxvd-e4a32ed6639db9b647fa85df59c04495 av-special-heading-h2 blockquote modern-quote modern-centered  avia-builder-el-16  el_after_av_hr  el_before_av_hr '><h2 class='av-special-heading-tag '  itemprop=\"headline\"  >Velas de cera de abeja: La elecci\u00f3n perfecta<\/h2><div class=\"special-heading-border\"><div class=\"special-heading-inner-border\"><\/div><\/div><\/div>\n\n<style type=\"text\/css\" data-created_by=\"avia_inline_auto\" id=\"style-css-av-dfcld4-e21b0613602d899fd490266622d64eff\">\n#top .hr.hr-invisible.av-dfcld4-e21b0613602d899fd490266622d64eff{\nheight:45px;\n}\n<\/style>\n<div  class='hr av-dfcld4-e21b0613602d899fd490266622d64eff hr-invisible  avia-builder-el-17  el_after_av_heading  el_before_av_one_half '><span class='hr-inner '><span class=\"hr-inner-style\"><\/span><\/span><\/div>\n<div  class='flex_column av-cox5tk-5e2a867be57c2e357bbb74418a31bbba av_one_half  avia-builder-el-18  el_after_av_hr  el_before_av_one_half  first flex_column_div  '     ><section  class='av_textblock_section av-a97d9k-bb0f882f4c88212d7c37817b8a1faa4c '   itemscope=\"itemscope\" itemtype=\"https:\/\/schema.org\/CreativeWork\" ><div class='avia_textblock'  itemprop=\"text\" ><p>Las velas hechas a partir de cera de abeja ofrecen una luz c\u00e1lida y acogedora, ideal para momentos especiales, relajaci\u00f3n o simplemente para crear una atm\u00f3sfera agradable en casa. A diferencia de las velas convencionales, que a menudo contienen parafina y otros ingredientes sint\u00e9ticos, nuestras velas de cera de abeja son totalmente naturales y no emiten humo ni toxinas cuando se queman. Esto las convierte en una opci\u00f3n m\u00e1s saludable para tu hogar y bienestar. Adem\u00e1s, las velas de cera de abeja tienen un tiempo de quemadura m\u00e1s largo, lo que significa que podr\u00e1s disfrutarlo durante m\u00e1s tiempo. Su capacidad para purificar el aire, liberando iones negativos que pueden ayudar a reducir alergias y mejorar su estado de \u00e1nimo, las convierte en una opci\u00f3n ideal para cualquier espacio.<\/p>\n<\/div><\/section><\/div>\n<div  class='flex_column av-9adidk-a9048947ecc560403121e2046e743766 av_one_half  avia-builder-el-20  el_after_av_one_half  el_before_av_hr  flex_column_div  '     ><p>\n<style type=\"text\/css\" data-created_by=\"avia_inline_auto\" id=\"style-css-av-m2mzxwij-160142863038c568b29fc9b6e4c54805\">\n#top .hr.hr-invisible.av-m2mzxwij-160142863038c568b29fc9b6e4c54805{\nheight:45px;\n}\n<\/style>\n<div  class='hr av-m2mzxwij-160142863038c568b29fc9b6e4c54805 hr-invisible  avia-builder-el-21  el_before_av_image  avia-builder-el-first '><span class='hr-inner '><span class=\"hr-inner-style\"><\/span><\/span><\/div><br \/>\n\n<style type=\"text\/css\" data-created_by=\"avia_inline_auto\" id=\"style-css-av-m2mzquse-918e81d0a3c4657da83cc6fa1f72bc3e\">\n.avia-image-container.av-m2mzquse-918e81d0a3c4657da83cc6fa1f72bc3e img.avia_image{\nbox-shadow:none;\n}\n.avia-image-container.av-m2mzquse-918e81d0a3c4657da83cc6fa1f72bc3e .av-image-caption-overlay-center{\ncolor:#ffffff;\n}\n<\/style>\n<div  class='avia-image-container av-m2mzquse-918e81d0a3c4657da83cc6fa1f72bc3e av-styling- avia-align-center  avia-builder-el-22  el_after_av_hr  avia-builder-el-last '   itemprop=\"image\" itemscope=\"itemscope\" itemtype=\"https:\/\/schema.org\/ImageObject\" ><div class=\"avia-image-container-inner\"><div class=\"avia-image-overlay-wrap\"><img decoding=\"async\" fetchpriority=\"high\" class='wp-image-3106 avia-img-lazy-loading-not-3106 avia_image ' src=\"https:\/\/mellacaseta.cat\/wp-content\/uploads\/2024\/10\/mel-la-caseta-095-scaled-1500x630.jpg\" alt='Mel La Caseta' title='Mel La Caseta'  height=\"630\" width=\"1500\"  itemprop=\"thumbnailUrl\"  \/><\/div><\/div><\/div><\/p><\/div>\n\n<style type=\"text\/css\" data-created_by=\"avia_inline_auto\" id=\"style-css-av-7gde94-8ad95a8458b3a52141a0644d3c4b1d90\">\n#top .hr.hr-invisible.av-7gde94-8ad95a8458b3a52141a0644d3c4b1d90{\nheight:45px;\n}\n<\/style>\n<div  class='hr av-7gde94-8ad95a8458b3a52141a0644d3c4b1d90 hr-invisible  avia-builder-el-23  el_after_av_one_half  el_before_av_heading '><span class='hr-inner '><span class=\"hr-inner-style\"><\/span><\/span><\/div>\n\n<style type=\"text\/css\" data-created_by=\"avia_inline_auto\" id=\"style-css-av-m2mzt9h1-504f90c16787fafaafafbf1259ae517a\">\n#top .av-special-heading.av-m2mzt9h1-504f90c16787fafaafafbf1259ae517a{\npadding-bottom:10px;\n}\nbody .av-special-heading.av-m2mzt9h1-504f90c16787fafaafafbf1259ae517a .av-special-heading-tag .heading-char{\nfont-size:25px;\n}\n.av-special-heading.av-m2mzt9h1-504f90c16787fafaafafbf1259ae517a .av-subheading{\nfont-size:15px;\n}\n<\/style>\n<div  class='av-special-heading av-m2mzt9h1-504f90c16787fafaafafbf1259ae517a av-special-heading-h2 blockquote modern-quote modern-centered  avia-builder-el-24  el_after_av_hr  el_before_av_hr '><h2 class='av-special-heading-tag '  itemprop=\"headline\"  >Regala o regala naturaleza<\/h2><div class=\"special-heading-border\"><div class=\"special-heading-inner-border\"><\/div><\/div><\/div>\n\n<style type=\"text\/css\" data-created_by=\"avia_inline_auto\" id=\"style-css-av-5iaw2g-8522cf6f7a9935af38fa9679e6c34ed7\">\n#top .hr.hr-invisible.av-5iaw2g-8522cf6f7a9935af38fa9679e6c34ed7{\nheight:45px;\n}\n<\/style>\n<div  class='hr av-5iaw2g-8522cf6f7a9935af38fa9679e6c34ed7 hr-invisible  avia-builder-el-25  el_after_av_heading  el_before_av_one_half '><span class='hr-inner '><span class=\"hr-inner-style\"><\/span><\/span><\/div>\n<div  class='flex_column av-4mk9t4-1754b8fee7a8b69647a9f2b2688a0cbf av_one_half  avia-builder-el-26  el_after_av_hr  el_before_av_one_half  first flex_column_div  '     ><p>\n<style type=\"text\/css\" data-created_by=\"avia_inline_auto\" id=\"style-css-av-m2mzygab-536c3508ae6c8c970f09257e26b71b0c\">\n#top .hr.hr-invisible.av-m2mzygab-536c3508ae6c8c970f09257e26b71b0c{\nheight:45px;\n}\n<\/style>\n<div  class='hr av-m2mzygab-536c3508ae6c8c970f09257e26b71b0c hr-invisible  avia-builder-el-27  el_before_av_image  avia-builder-el-first '><span class='hr-inner '><span class=\"hr-inner-style\"><\/span><\/span><\/div><br \/>\n\n<style type=\"text\/css\" data-created_by=\"avia_inline_auto\" id=\"style-css-av-m2mzukw3-98eaf575c543bee09cec108392e4870a\">\n.avia-image-container.av-m2mzukw3-98eaf575c543bee09cec108392e4870a img.avia_image{\nbox-shadow:none;\n}\n.avia-image-container.av-m2mzukw3-98eaf575c543bee09cec108392e4870a .av-image-caption-overlay-center{\ncolor:#ffffff;\n}\n<\/style>\n<div  class='avia-image-container av-m2mzukw3-98eaf575c543bee09cec108392e4870a av-styling- avia-align-center  avia-builder-el-28  el_after_av_hr  avia-builder-el-last '   itemprop=\"image\" itemscope=\"itemscope\" itemtype=\"https:\/\/schema.org\/ImageObject\" ><div class=\"avia-image-container-inner\"><div class=\"avia-image-overlay-wrap\"><img decoding=\"async\" fetchpriority=\"high\" class='wp-image-3537 avia-img-lazy-loading-not-3537 avia_image ' src=\"https:\/\/mellacaseta.cat\/wp-content\/uploads\/2024\/10\/mel-la-caseta-094-scaled-1500x630.jpg\" alt='' title='mel-la-caseta-094'  height=\"630\" width=\"1500\"  itemprop=\"thumbnailUrl\"  \/><\/div><\/div><\/div><\/p><\/div>\n<div  class='flex_column av-1vs8u0-084910a99048251f1a7c797ade973216 av_one_half  avia-builder-el-29  el_after_av_one_half  el_before_av_section  avia-builder-el-last  flex_column_div  '     ><section  class='av_textblock_section av-m2mzp4m8-40ce8d8b8983fb3b72221b4b0cc968ec '   itemscope=\"itemscope\" itemtype=\"https:\/\/schema.org\/CreativeWork\" ><div class='avia_textblock'  itemprop=\"text\" ><p>Escoger nuestras velas de cera de abeja es m\u00e1s que una simple compra; es una inversi\u00f3n en calidad, salud y sostenibilidad. Cada vela es elaborada cuidadosamente, garantizando que cada detalle refleje el compromiso con la naturaleza y el bienestar. No s\u00f3lo aportan belleza y calidez, sino que tambi\u00e9n son un regalo perfecto para aquellos que valoran lo aut\u00e9ntico y natural. A\u00f1ade un toque especial a tu hogar o sorprende a alguien especial cuyo regalo no s\u00f3lo ilumina, sino que tambi\u00e9n cuida del medio ambiente. Descubre la magia de las velas de cera de abeja y deja que su luz transforme tu espacio. \u00a1Compra ahora y descubre la diferencia que puede hacer la naturaleza en tu vida!<\/p>\n<\/div><\/section><\/div>\n<\/div><\/div><\/div><!-- close content main div --><\/div><\/div>\n<style type=\"text\/css\" data-created_by=\"avia_inline_auto\" id=\"style-css-av-m2lrz0dx-d7e29a32b4e2ff5ecf162083a0b5ff5c\">\n.avia-section.av-m2lrz0dx-d7e29a32b4e2ff5ecf162083a0b5ff5c{\nbackground-repeat:no-repeat;\nbackground-image:url(https:\/\/mellacaseta.cat\/wp-content\/uploads\/2024\/10\/mel-la-caseta-033-scaled-1500x1001.jpg);\nbackground-position:50% 50%;\nbackground-attachment:fixed;\n}\n.avia-section.av-m2lrz0dx-d7e29a32b4e2ff5ecf162083a0b5ff5c .av-section-color-overlay{\nopacity:0.5;\nbackground-color:#0a0a0a;\n}\n<\/style>\n<div id='av_section_2'  class='avia-section av-m2lrz0dx-d7e29a32b4e2ff5ecf162083a0b5ff5c main_color avia-section-large avia-no-border-styling  avia-builder-el-31  el_after_av_one_half  el_before_av_hr  banner-img avia-full-stretch avia-bg-style-fixed av-section-color-overlay-active av-minimum-height av-minimum-height-25 av-height-25  container_wrap fullsize'  data-section-bg-repeat='stretch' data-av_minimum_height_pc='25' data-av_min_height_opt='25'><div class=\"av-section-color-overlay-wrap\"><div class=\"av-section-color-overlay\"><\/div><div class='container av-section-cont-open' ><div class='template-page content  av-content-full alpha units'><div class='post-entry post-entry-type-page post-entry-2746'><div class='entry-content-wrapper clearfix'>\n<div  class='flex_column av-3h858b-14ca9579055d01b7910f32655a197ea5 av_one_fifth  avia-builder-el-32  el_before_av_three_fifth  avia-builder-el-first  first flex_column_div  '     ><\/div><div  class='flex_column av-8sysnc-80409a0cbe4815ab65eae83336bc5d26 av_three_fifth  avia-builder-el-33  el_after_av_one_fifth  avia-builder-el-last  flex_column_div  '     ><p>\n<style type=\"text\/css\" data-created_by=\"avia_inline_auto\" id=\"style-css-av-6xdvrs-dca0daeaf64354f1dcf346f82378c275\">\n#top .av-special-heading.av-6xdvrs-dca0daeaf64354f1dcf346f82378c275{\npadding-bottom:10px;\n}\nbody .av-special-heading.av-6xdvrs-dca0daeaf64354f1dcf346f82378c275 .av-special-heading-tag .heading-char{\nfont-size:25px;\n}\n.av-special-heading.av-6xdvrs-dca0daeaf64354f1dcf346f82378c275 .av-subheading{\nfont-size:15px;\n}\n<\/style>\n<div  class='av-special-heading av-6xdvrs-dca0daeaf64354f1dcf346f82378c275 av-special-heading-h2 blockquote modern-quote modern-centered  avia-builder-el-34  el_before_av_textblock  avia-builder-el-first '><h2 class='av-special-heading-tag '  itemprop=\"headline\"  >\u00a1Descubre la luz aut\u00e9ntica y ecol\u00f3gica de las velas de cera de abeja!<\/h2><div class=\"special-heading-border\"><div class=\"special-heading-inner-border\"><\/div><\/div><\/div><br \/>\n\n<style type=\"text\/css\" data-created_by=\"avia_inline_auto\" id=\"style-css-av-5bq9js-f53b4671b0e1eb8b19e859e3f51d81b0\">\n#top .av_textblock_section.av-5bq9js-f53b4671b0e1eb8b19e859e3f51d81b0 .avia_textblock{\nfont-size:18px;\n}\n<\/style>\n<section  class='av_textblock_section av-5bq9js-f53b4671b0e1eb8b19e859e3f51d81b0 '   itemscope=\"itemscope\" itemtype=\"https:\/\/schema.org\/CreativeWork\" ><div class='avia_textblock'  itemprop=\"text\" ><p style=\"text-align: center;\">\u00a1Ilumina tu hogar de manera natural con nuestras velas de cera de abeja 100% pura! Disfruta de una luz c\u00e1lida y relajante mientras cuidas tu salud y el medio ambiente. Descubre la magia de la cera de abeja y transforma cualquier espacio.<\/p>\n<\/div><\/section><br \/>\n\n<style type=\"text\/css\" data-created_by=\"avia_inline_auto\" id=\"style-css-av-42jw60-1de55547eab0108f06f451cde3c33f72\">\n#top .hr.hr-invisible.av-42jw60-1de55547eab0108f06f451cde3c33f72{\nheight:15px;\n}\n<\/style>\n<div  class='hr av-42jw60-1de55547eab0108f06f451cde3c33f72 hr-invisible  avia-builder-el-36  el_after_av_textblock  el_before_av_button '><span class='hr-inner '><span class=\"hr-inner-style\"><\/span><\/span><\/div><br \/>\n<div  class='avia-button-wrap av-24y3u0-8b41a15ec938589b1ac3be91841fd763-wrap avia-button-center  avia-builder-el-37  el_after_av_hr  avia-builder-el-last '><a href='https:\/\/mellacaseta.cat\/botiga\/espelmes\/'  class='avia-button av-24y3u0-8b41a15ec938589b1ac3be91841fd763 av-link-btn avia-icon_select-no avia-size-small avia-position-center avia-color-theme-color'   aria-label=\"Ver velas\"><span class='avia_iconbox_title' >Ver velas<\/span><\/a><\/div><\/p><\/div><\/div><\/div><\/div><!-- close content main div --><\/div><\/div><\/div><div id='after_section_2'  class='main_color av_default_container_wrap container_wrap fullsize'  ><div class='container av-section-cont-open' ><div class='template-page content  av-content-full alpha units'><div class='post-entry post-entry-type-page post-entry-2746'><div class='entry-content-wrapper clearfix'>\n<style type=\"text\/css\" data-created_by=\"avia_inline_auto\" id=\"style-css-av-2qlfcb-77e2443b1a23c09de89fa009ed83535e\">\n#top .hr.hr-invisible.av-2qlfcb-77e2443b1a23c09de89fa009ed83535e{\nheight:25px;\n}\n<\/style>\n<div  class='hr av-2qlfcb-77e2443b1a23c09de89fa009ed83535e hr-invisible  avia-builder-el-38  el_after_av_section  el_before_av_productgrid  avia-builder-el-first '><span class='hr-inner '><span class=\"hr-inner-style\"><\/span><\/span><\/div><\/p>\n<div  class='avia-product-slider-container av-m2n71jeq-aab6ad7a079b77688f547593cd355102 template-shop avia-content-slider avia-content-grid-active shop_columns_4  avia-builder-el-39  el_after_av_hr  avia-builder-el-last  graella-prod avia-content-slider-even  avia-builder-el-39  el_after_av_hr  avia-builder-el-last  graella-prod av-slideshow-ui av-slider-hover-pause av-slideshow-manual av-loop-once av-loop-manual-endless avia-product-slider1' data-slideshow-options=\"{&quot;animation&quot;:&quot;fade&quot;,&quot;autoplay&quot;:false,&quot;loop_autoplay&quot;:&quot;once&quot;,&quot;interval&quot;:5,&quot;loop_manual&quot;:&quot;manual-endless&quot;,&quot;autoplay_stopper&quot;:false,&quot;noNavigation&quot;:false,&quot;bg_slider&quot;:false,&quot;keep_padding&quot;:false,&quot;hoverpause&quot;:true,&quot;show_slide_delay&quot;:0}\"><div class=\"product-sorting\"><ul class=\"sort-param sort-param-order\"><li><span class='currently-selected'>Ordenar por <strong>Por defecto<\/strong><\/span><ul><li class=\"current-param\"><a href='?avia_extended_shop_select=yes&product_order=default' rel=\"nofollow\"><span class='avia-bullet'><\/span>Por defecto<\/a><\/li><li><a href='?avia_extended_shop_select=yes&product_order=menu_order' rel=\"nofollow\"><span class='avia-bullet'><\/span>Personalizado<\/a><\/li><li><a href='?avia_extended_shop_select=yes&product_order=title' rel=\"nofollow\"><span class='avia-bullet'><\/span>Nombre<\/a><\/li><li><a href='?avia_extended_shop_select=yes&product_order=price' rel=\"nofollow\"><span class='avia-bullet'><\/span>Precio<\/a><\/li><li><a href='?avia_extended_shop_select=yes&product_order=date' rel=\"nofollow\"><span class='avia-bullet'><\/span>Fecha<\/a><\/li><li><a href='?avia_extended_shop_select=yes&product_order=popularity' rel=\"nofollow\"><span class='avia-bullet'><\/span>Popularidad (ventas)<\/a><\/li><li><a href='?avia_extended_shop_select=yes&product_order=rating' rel=\"nofollow\"><span class='avia-bullet'><\/span>Valoraci\u00f3n Promedio<\/a><\/li><li><a href='?avia_extended_shop_select=yes&product_order=relevance' rel=\"nofollow\"><span class='avia-bullet'><\/span>Relevancia<\/a><\/li><li><a href='?avia_extended_shop_select=yes&product_order=rand' rel=\"nofollow\"><span class='avia-bullet'><\/span>Aleatorio<\/a><\/li><li><a href='?avia_extended_shop_select=yes&product_order=id' rel=\"nofollow\"><span class='avia-bullet'><\/span>ID del Producto<\/a><\/li><\/ul><\/li><\/ul><ul class='sort-param sort-param-count'><li><span class='currently-selected'>Mostrar <strong>8 Art\u00edculos por p\u00e1gina <\/strong><\/span><ul><li class=\"current-param\"><a href='?paged=1&avia_extended_shop_select=yes&product_count=8' rel=\"nofollow\">\t\t<span class='avia-bullet'><\/span>8 Art\u00edculos por p\u00e1gina<\/a><\/li><li><a href='?paged=1&avia_extended_shop_select=yes&product_count=16' rel=\"nofollow\">\t<span class='avia-bullet'><\/span>16 Art\u00edculos por p\u00e1gina<\/a><\/li><li><a href='?paged=1&avia_extended_shop_select=yes&product_count=24' rel=\"nofollow\">\t<span class='avia-bullet'><\/span>24 Art\u00edculos por p\u00e1gina<\/a><\/li><\/ul><\/li><\/ul><\/div><div class='avia-content-slider-inner'><ul class=\"products\"><li class=\"product type-product post-3214 status-publish first instock product_cat-velas has-post-thumbnail taxable shipping-taxable purchasable product-type-simple\">\n\t<div class='inner_product main_color wrapped_style noLightbox  av-product-class-minimal'><a href=\"https:\/\/mellacaseta.cat\/es\/producte\/cera-de-abeja\/\" class=\"woocommerce-LoopProduct-link woocommerce-loop-product__link\"><div class=\"thumbnail_container\"><img decoding=\"async\" loading=\"lazy\" width=\"600\" height=\"600\" src=\"https:\/\/mellacaseta.cat\/wp-content\/uploads\/2024\/10\/mel-la-caseta-034-scaled-600x600.jpg\" class=\"wp-image-3217 avia-img-lazy-loading-3217 attachment-woocommerce_thumbnail size-woocommerce_thumbnail wp-post-image\" alt=\"\" srcset=\"https:\/\/mellacaseta.cat\/wp-content\/uploads\/2024\/10\/mel-la-caseta-034-scaled-600x600.jpg 600w, https:\/\/mellacaseta.cat\/wp-content\/uploads\/2024\/10\/mel-la-caseta-034-scaled-80x80.jpg 80w, https:\/\/mellacaseta.cat\/wp-content\/uploads\/2024\/10\/mel-la-caseta-034-scaled-36x36.jpg 36w, https:\/\/mellacaseta.cat\/wp-content\/uploads\/2024\/10\/mel-la-caseta-034-scaled-180x180.jpg 180w, https:\/\/mellacaseta.cat\/wp-content\/uploads\/2024\/10\/mel-la-caseta-034-scaled-120x120.jpg 120w, https:\/\/mellacaseta.cat\/wp-content\/uploads\/2024\/10\/mel-la-caseta-034-scaled-450x450.jpg 450w, https:\/\/mellacaseta.cat\/wp-content\/uploads\/2024\/10\/mel-la-caseta-034-scaled-100x100.jpg 100w\" sizes=\"auto, (max-width: 600px) 100vw, 600px\" \/><span class=\"cart-loading\"><\/span><\/div><div class='inner_product_header'><div class='avia-arrow'><\/div><div class='inner_product_header_table'><div class='inner_product_header_cell'><h2 class=\"woocommerce-loop-product__title\">Cera de abeja<\/h2>\n\t<span class=\"price\"><span class=\"woocommerce-Price-amount amount\"><bdi>5,85&nbsp;<span class=\"woocommerce-Price-currencySymbol\">&euro;<\/span><\/bdi><\/span><\/span>\n<\/div><\/div><\/div><\/a><\/div><\/li>\n<li class=\"product type-product post-3213 status-publish instock product_cat-velas has-post-thumbnail featured taxable shipping-taxable purchasable product-type-simple\">\n\t<div class='inner_product main_color wrapped_style noLightbox  av-product-class-minimal'><a href=\"https:\/\/mellacaseta.cat\/es\/producte\/vela-arbol-de-navidad\/\" class=\"woocommerce-LoopProduct-link woocommerce-loop-product__link\"><div class=\"thumbnail_container\"><img decoding=\"async\" loading=\"lazy\" width=\"600\" height=\"600\" src=\"https:\/\/mellacaseta.cat\/wp-content\/uploads\/2024\/11\/mel-la-caseta-089-e1736759875169-600x600.jpg\" class=\"wp-image-3218 avia-img-lazy-loading-3218 attachment-woocommerce_thumbnail size-woocommerce_thumbnail wp-post-image\" alt=\"\" srcset=\"https:\/\/mellacaseta.cat\/wp-content\/uploads\/2024\/11\/mel-la-caseta-089-e1736759875169-600x600.jpg 600w, https:\/\/mellacaseta.cat\/wp-content\/uploads\/2024\/11\/mel-la-caseta-089-e1736759875169-80x80.jpg 80w, https:\/\/mellacaseta.cat\/wp-content\/uploads\/2024\/11\/mel-la-caseta-089-e1736759875169-300x300.jpg 300w, https:\/\/mellacaseta.cat\/wp-content\/uploads\/2024\/11\/mel-la-caseta-089-e1736759875169-768x768.jpg 768w, https:\/\/mellacaseta.cat\/wp-content\/uploads\/2024\/11\/mel-la-caseta-089-e1736759875169-1030x1030.jpg 1030w, https:\/\/mellacaseta.cat\/wp-content\/uploads\/2024\/11\/mel-la-caseta-089-e1736759875169-1536x1536.jpg 1536w, https:\/\/mellacaseta.cat\/wp-content\/uploads\/2024\/11\/mel-la-caseta-089-e1736759875169-36x36.jpg 36w, https:\/\/mellacaseta.cat\/wp-content\/uploads\/2024\/11\/mel-la-caseta-089-e1736759875169-180x180.jpg 180w, https:\/\/mellacaseta.cat\/wp-content\/uploads\/2024\/11\/mel-la-caseta-089-e1736759875169-1500x1500.jpg 1500w, https:\/\/mellacaseta.cat\/wp-content\/uploads\/2024\/11\/mel-la-caseta-089-e1736759875169-705x705.jpg 705w, https:\/\/mellacaseta.cat\/wp-content\/uploads\/2024\/11\/mel-la-caseta-089-e1736759875169-120x120.jpg 120w, https:\/\/mellacaseta.cat\/wp-content\/uploads\/2024\/11\/mel-la-caseta-089-e1736759875169-450x450.jpg 450w, https:\/\/mellacaseta.cat\/wp-content\/uploads\/2024\/11\/mel-la-caseta-089-e1736759875169-100x100.jpg 100w, https:\/\/mellacaseta.cat\/wp-content\/uploads\/2024\/11\/mel-la-caseta-089-e1736759875169.jpg 1667w\" sizes=\"auto, (max-width: 600px) 100vw, 600px\" \/><span class=\"cart-loading\"><\/span><\/div><div class='inner_product_header'><div class='avia-arrow'><\/div><div class='inner_product_header_table'><div class='inner_product_header_cell'><h2 class=\"woocommerce-loop-product__title\">Vela \u00e1rbol de Navidad<\/h2>\n\t<span class=\"price\"><span class=\"woocommerce-Price-amount amount\"><bdi>6,85&nbsp;<span class=\"woocommerce-Price-currencySymbol\">&euro;<\/span><\/bdi><\/span><\/span>\n<\/div><\/div><\/div><\/a><\/div><\/li>\n<li class=\"product type-product post-3145 status-publish instock product_cat-velas has-post-thumbnail taxable shipping-taxable purchasable product-type-simple\">\n\t<div class='inner_product main_color wrapped_style noLightbox  av-product-class-minimal'><a href=\"https:\/\/mellacaseta.cat\/es\/producte\/vela-arbol-de-navidad-2\/\" class=\"woocommerce-LoopProduct-link woocommerce-loop-product__link\"><div class=\"thumbnail_container\"><img decoding=\"async\" loading=\"lazy\" width=\"600\" height=\"600\" src=\"https:\/\/mellacaseta.cat\/wp-content\/uploads\/2024\/11\/mel-la-caseta-099-e1736759683257-600x600.jpg\" class=\"wp-image-3147 avia-img-lazy-loading-3147 attachment-woocommerce_thumbnail size-woocommerce_thumbnail wp-post-image\" alt=\"\" srcset=\"https:\/\/mellacaseta.cat\/wp-content\/uploads\/2024\/11\/mel-la-caseta-099-e1736759683257-600x600.jpg 600w, https:\/\/mellacaseta.cat\/wp-content\/uploads\/2024\/11\/mel-la-caseta-099-e1736759683257-80x80.jpg 80w, https:\/\/mellacaseta.cat\/wp-content\/uploads\/2024\/11\/mel-la-caseta-099-e1736759683257-300x300.jpg 300w, https:\/\/mellacaseta.cat\/wp-content\/uploads\/2024\/11\/mel-la-caseta-099-e1736759683257-768x768.jpg 768w, https:\/\/mellacaseta.cat\/wp-content\/uploads\/2024\/11\/mel-la-caseta-099-e1736759683257-1030x1030.jpg 1030w, https:\/\/mellacaseta.cat\/wp-content\/uploads\/2024\/11\/mel-la-caseta-099-e1736759683257-1536x1536.jpg 1536w, https:\/\/mellacaseta.cat\/wp-content\/uploads\/2024\/11\/mel-la-caseta-099-e1736759683257-36x36.jpg 36w, https:\/\/mellacaseta.cat\/wp-content\/uploads\/2024\/11\/mel-la-caseta-099-e1736759683257-180x180.jpg 180w, https:\/\/mellacaseta.cat\/wp-content\/uploads\/2024\/11\/mel-la-caseta-099-e1736759683257-1500x1500.jpg 1500w, https:\/\/mellacaseta.cat\/wp-content\/uploads\/2024\/11\/mel-la-caseta-099-e1736759683257-705x705.jpg 705w, https:\/\/mellacaseta.cat\/wp-content\/uploads\/2024\/11\/mel-la-caseta-099-e1736759683257-120x120.jpg 120w, https:\/\/mellacaseta.cat\/wp-content\/uploads\/2024\/11\/mel-la-caseta-099-e1736759683257-450x450.jpg 450w, https:\/\/mellacaseta.cat\/wp-content\/uploads\/2024\/11\/mel-la-caseta-099-e1736759683257-100x100.jpg 100w, https:\/\/mellacaseta.cat\/wp-content\/uploads\/2024\/11\/mel-la-caseta-099-e1736759683257.jpg 1667w\" sizes=\"auto, (max-width: 600px) 100vw, 600px\" \/><span class=\"cart-loading\"><\/span><\/div><div class='inner_product_header'><div class='avia-arrow'><\/div><div class='inner_product_header_table'><div class='inner_product_header_cell'><h2 class=\"woocommerce-loop-product__title\">Vela \u00e1rbol de Navidad 2<\/h2>\n\t<span class=\"price\"><span class=\"woocommerce-Price-amount amount\"><bdi>6,85&nbsp;<span class=\"woocommerce-Price-currencySymbol\">&euro;<\/span><\/bdi><\/span><\/span>\n<\/div><\/div><\/div><\/a><\/div><\/li>\n<li class=\"product type-product post-3149 status-publish last instock product_cat-velas has-post-thumbnail taxable shipping-taxable purchasable product-type-simple\">\n\t<div class='inner_product main_color wrapped_style noLightbox  av-product-class-minimal'><a href=\"https:\/\/mellacaseta.cat\/es\/producte\/vela-arbol-de-navidad-3\/\" class=\"woocommerce-LoopProduct-link woocommerce-loop-product__link\"><div class=\"thumbnail_container\"><img decoding=\"async\" loading=\"lazy\" width=\"600\" height=\"600\" src=\"https:\/\/mellacaseta.cat\/wp-content\/uploads\/2024\/11\/mel-la-caseta-079-e1736759975109-600x600.jpg\" class=\"wp-image-3151 avia-img-lazy-loading-3151 attachment-woocommerce_thumbnail size-woocommerce_thumbnail wp-post-image\" alt=\"\" srcset=\"https:\/\/mellacaseta.cat\/wp-content\/uploads\/2024\/11\/mel-la-caseta-079-e1736759975109-600x600.jpg 600w, https:\/\/mellacaseta.cat\/wp-content\/uploads\/2024\/11\/mel-la-caseta-079-e1736759975109-80x80.jpg 80w, https:\/\/mellacaseta.cat\/wp-content\/uploads\/2024\/11\/mel-la-caseta-079-e1736759975109-300x300.jpg 300w, https:\/\/mellacaseta.cat\/wp-content\/uploads\/2024\/11\/mel-la-caseta-079-e1736759975109-768x768.jpg 768w, https:\/\/mellacaseta.cat\/wp-content\/uploads\/2024\/11\/mel-la-caseta-079-e1736759975109-1030x1030.jpg 1030w, https:\/\/mellacaseta.cat\/wp-content\/uploads\/2024\/11\/mel-la-caseta-079-e1736759975109-1536x1536.jpg 1536w, https:\/\/mellacaseta.cat\/wp-content\/uploads\/2024\/11\/mel-la-caseta-079-e1736759975109-36x36.jpg 36w, https:\/\/mellacaseta.cat\/wp-content\/uploads\/2024\/11\/mel-la-caseta-079-e1736759975109-180x180.jpg 180w, https:\/\/mellacaseta.cat\/wp-content\/uploads\/2024\/11\/mel-la-caseta-079-e1736759975109-1500x1500.jpg 1500w, https:\/\/mellacaseta.cat\/wp-content\/uploads\/2024\/11\/mel-la-caseta-079-e1736759975109-705x705.jpg 705w, https:\/\/mellacaseta.cat\/wp-content\/uploads\/2024\/11\/mel-la-caseta-079-e1736759975109-120x120.jpg 120w, https:\/\/mellacaseta.cat\/wp-content\/uploads\/2024\/11\/mel-la-caseta-079-e1736759975109-450x450.jpg 450w, https:\/\/mellacaseta.cat\/wp-content\/uploads\/2024\/11\/mel-la-caseta-079-e1736759975109-100x100.jpg 100w, https:\/\/mellacaseta.cat\/wp-content\/uploads\/2024\/11\/mel-la-caseta-079-e1736759975109.jpg 1667w\" sizes=\"auto, (max-width: 600px) 100vw, 600px\" \/><span class=\"cart-loading\"><\/span><\/div><div class='inner_product_header'><div class='avia-arrow'><\/div><div class='inner_product_header_table'><div class='inner_product_header_cell'><h2 class=\"woocommerce-loop-product__title\">Vela \u00e1rbol de Navidad 3<\/h2>\n\t<span class=\"price\"><span class=\"woocommerce-Price-amount amount\"><bdi>6,85&nbsp;<span class=\"woocommerce-Price-currencySymbol\">&euro;<\/span><\/bdi><\/span><\/span>\n<\/div><\/div><\/div><\/a><\/div><\/li>\n<li class=\"product type-product post-3159 status-publish first instock product_cat-velas has-post-thumbnail taxable shipping-taxable purchasable product-type-simple\">\n\t<div class='inner_product main_color wrapped_style noLightbox  av-product-class-minimal'><a href=\"https:\/\/mellacaseta.cat\/es\/producte\/vela-arbol-de-navidad-4\/\" class=\"woocommerce-LoopProduct-link woocommerce-loop-product__link\"><div class=\"thumbnail_container\"><img decoding=\"async\" loading=\"lazy\" width=\"600\" height=\"600\" src=\"https:\/\/mellacaseta.cat\/wp-content\/uploads\/2024\/11\/mel-la-caseta-096-e1736759775692-600x600.jpg\" class=\"wp-image-3160 avia-img-lazy-loading-3160 attachment-woocommerce_thumbnail size-woocommerce_thumbnail wp-post-image\" alt=\"\" srcset=\"https:\/\/mellacaseta.cat\/wp-content\/uploads\/2024\/11\/mel-la-caseta-096-e1736759775692-600x600.jpg 600w, https:\/\/mellacaseta.cat\/wp-content\/uploads\/2024\/11\/mel-la-caseta-096-e1736759775692-80x80.jpg 80w, https:\/\/mellacaseta.cat\/wp-content\/uploads\/2024\/11\/mel-la-caseta-096-e1736759775692-300x300.jpg 300w, https:\/\/mellacaseta.cat\/wp-content\/uploads\/2024\/11\/mel-la-caseta-096-e1736759775692-768x768.jpg 768w, https:\/\/mellacaseta.cat\/wp-content\/uploads\/2024\/11\/mel-la-caseta-096-e1736759775692-1030x1030.jpg 1030w, https:\/\/mellacaseta.cat\/wp-content\/uploads\/2024\/11\/mel-la-caseta-096-e1736759775692-1536x1536.jpg 1536w, https:\/\/mellacaseta.cat\/wp-content\/uploads\/2024\/11\/mel-la-caseta-096-e1736759775692-36x36.jpg 36w, https:\/\/mellacaseta.cat\/wp-content\/uploads\/2024\/11\/mel-la-caseta-096-e1736759775692-180x180.jpg 180w, https:\/\/mellacaseta.cat\/wp-content\/uploads\/2024\/11\/mel-la-caseta-096-e1736759775692-1500x1500.jpg 1500w, https:\/\/mellacaseta.cat\/wp-content\/uploads\/2024\/11\/mel-la-caseta-096-e1736759775692-705x705.jpg 705w, https:\/\/mellacaseta.cat\/wp-content\/uploads\/2024\/11\/mel-la-caseta-096-e1736759775692-120x120.jpg 120w, https:\/\/mellacaseta.cat\/wp-content\/uploads\/2024\/11\/mel-la-caseta-096-e1736759775692-450x450.jpg 450w, https:\/\/mellacaseta.cat\/wp-content\/uploads\/2024\/11\/mel-la-caseta-096-e1736759775692-100x100.jpg 100w, https:\/\/mellacaseta.cat\/wp-content\/uploads\/2024\/11\/mel-la-caseta-096-e1736759775692.jpg 1667w\" sizes=\"auto, (max-width: 600px) 100vw, 600px\" \/><span class=\"cart-loading\"><\/span><\/div><div class='inner_product_header'><div class='avia-arrow'><\/div><div class='inner_product_header_table'><div class='inner_product_header_cell'><h2 class=\"woocommerce-loop-product__title\">Vela \u00e1rbol de Navidad 4<\/h2>\n\t<span class=\"price\"><span class=\"woocommerce-Price-amount amount\"><bdi>6,85&nbsp;<span class=\"woocommerce-Price-currencySymbol\">&euro;<\/span><\/bdi><\/span><\/span>\n<\/div><\/div><\/div><\/a><\/div><\/li>\n<li class=\"product type-product post-3156 status-publish instock product_cat-velas has-post-thumbnail taxable shipping-taxable purchasable product-type-simple\">\n\t<div class='inner_product main_color wrapped_style noLightbox  av-product-class-minimal'><a href=\"https:\/\/mellacaseta.cat\/es\/producte\/vela-buho\/\" class=\"woocommerce-LoopProduct-link woocommerce-loop-product__link\"><div class=\"thumbnail_container\"><img decoding=\"async\" loading=\"lazy\" width=\"600\" height=\"600\" src=\"https:\/\/mellacaseta.cat\/wp-content\/uploads\/2024\/11\/mel-la-caseta-094-e1736756834693-600x600.jpg\" class=\"wp-image-3157 avia-img-lazy-loading-3157 attachment-woocommerce_thumbnail size-woocommerce_thumbnail wp-post-image\" alt=\"\" srcset=\"https:\/\/mellacaseta.cat\/wp-content\/uploads\/2024\/11\/mel-la-caseta-094-e1736756834693-600x600.jpg 600w, https:\/\/mellacaseta.cat\/wp-content\/uploads\/2024\/11\/mel-la-caseta-094-e1736756834693-80x80.jpg 80w, https:\/\/mellacaseta.cat\/wp-content\/uploads\/2024\/11\/mel-la-caseta-094-e1736756834693-300x300.jpg 300w, https:\/\/mellacaseta.cat\/wp-content\/uploads\/2024\/11\/mel-la-caseta-094-e1736756834693-768x768.jpg 768w, https:\/\/mellacaseta.cat\/wp-content\/uploads\/2024\/11\/mel-la-caseta-094-e1736756834693-1030x1030.jpg 1030w, https:\/\/mellacaseta.cat\/wp-content\/uploads\/2024\/11\/mel-la-caseta-094-e1736756834693-1536x1536.jpg 1536w, https:\/\/mellacaseta.cat\/wp-content\/uploads\/2024\/11\/mel-la-caseta-094-e1736756834693-36x36.jpg 36w, https:\/\/mellacaseta.cat\/wp-content\/uploads\/2024\/11\/mel-la-caseta-094-e1736756834693-180x180.jpg 180w, https:\/\/mellacaseta.cat\/wp-content\/uploads\/2024\/11\/mel-la-caseta-094-e1736756834693-1500x1500.jpg 1500w, https:\/\/mellacaseta.cat\/wp-content\/uploads\/2024\/11\/mel-la-caseta-094-e1736756834693-705x705.jpg 705w, https:\/\/mellacaseta.cat\/wp-content\/uploads\/2024\/11\/mel-la-caseta-094-e1736756834693-120x120.jpg 120w, https:\/\/mellacaseta.cat\/wp-content\/uploads\/2024\/11\/mel-la-caseta-094-e1736756834693-450x450.jpg 450w, https:\/\/mellacaseta.cat\/wp-content\/uploads\/2024\/11\/mel-la-caseta-094-e1736756834693-100x100.jpg 100w, https:\/\/mellacaseta.cat\/wp-content\/uploads\/2024\/11\/mel-la-caseta-094-e1736756834693.jpg 1667w\" sizes=\"auto, (max-width: 600px) 100vw, 600px\" \/><span class=\"cart-loading\"><\/span><\/div><div class='inner_product_header'><div class='avia-arrow'><\/div><div class='inner_product_header_table'><div class='inner_product_header_cell'><h2 class=\"woocommerce-loop-product__title\">Vela B\u00faho<\/h2>\n\t<span class=\"price\"><span class=\"woocommerce-Price-amount amount\"><bdi>4,50&nbsp;<span class=\"woocommerce-Price-currencySymbol\">&euro;<\/span><\/bdi><\/span><\/span>\n<\/div><\/div><\/div><\/a><\/div><\/li>\n<li class=\"product type-product post-3210 status-publish instock product_cat-velas has-post-thumbnail taxable shipping-taxable purchasable product-type-simple\">\n\t<div class='inner_product main_color wrapped_style noLightbox  av-product-class-minimal'><a href=\"https:\/\/mellacaseta.cat\/es\/producte\/vela-bola-navidad\/\" class=\"woocommerce-LoopProduct-link woocommerce-loop-product__link\"><div class=\"thumbnail_container\"><img decoding=\"async\" loading=\"lazy\" width=\"600\" height=\"600\" src=\"https:\/\/mellacaseta.cat\/wp-content\/uploads\/2024\/11\/mel-la-caseta-100-e1736759655290-600x600.jpg\" class=\"wp-image-3215 avia-img-lazy-loading-3215 attachment-woocommerce_thumbnail size-woocommerce_thumbnail wp-post-image\" alt=\"\" srcset=\"https:\/\/mellacaseta.cat\/wp-content\/uploads\/2024\/11\/mel-la-caseta-100-e1736759655290-600x600.jpg 600w, https:\/\/mellacaseta.cat\/wp-content\/uploads\/2024\/11\/mel-la-caseta-100-e1736759655290-80x80.jpg 80w, https:\/\/mellacaseta.cat\/wp-content\/uploads\/2024\/11\/mel-la-caseta-100-e1736759655290-300x300.jpg 300w, https:\/\/mellacaseta.cat\/wp-content\/uploads\/2024\/11\/mel-la-caseta-100-e1736759655290-768x768.jpg 768w, https:\/\/mellacaseta.cat\/wp-content\/uploads\/2024\/11\/mel-la-caseta-100-e1736759655290-1030x1030.jpg 1030w, https:\/\/mellacaseta.cat\/wp-content\/uploads\/2024\/11\/mel-la-caseta-100-e1736759655290-1536x1536.jpg 1536w, https:\/\/mellacaseta.cat\/wp-content\/uploads\/2024\/11\/mel-la-caseta-100-e1736759655290-36x36.jpg 36w, https:\/\/mellacaseta.cat\/wp-content\/uploads\/2024\/11\/mel-la-caseta-100-e1736759655290-180x180.jpg 180w, https:\/\/mellacaseta.cat\/wp-content\/uploads\/2024\/11\/mel-la-caseta-100-e1736759655290-1500x1500.jpg 1500w, https:\/\/mellacaseta.cat\/wp-content\/uploads\/2024\/11\/mel-la-caseta-100-e1736759655290-705x705.jpg 705w, https:\/\/mellacaseta.cat\/wp-content\/uploads\/2024\/11\/mel-la-caseta-100-e1736759655290-120x120.jpg 120w, https:\/\/mellacaseta.cat\/wp-content\/uploads\/2024\/11\/mel-la-caseta-100-e1736759655290-450x450.jpg 450w, https:\/\/mellacaseta.cat\/wp-content\/uploads\/2024\/11\/mel-la-caseta-100-e1736759655290-100x100.jpg 100w, https:\/\/mellacaseta.cat\/wp-content\/uploads\/2024\/11\/mel-la-caseta-100-e1736759655290.jpg 1667w\" sizes=\"auto, (max-width: 600px) 100vw, 600px\" \/><span class=\"cart-loading\"><\/span><\/div><div class='inner_product_header'><div class='avia-arrow'><\/div><div class='inner_product_header_table'><div class='inner_product_header_cell'><h2 class=\"woocommerce-loop-product__title\">Vela Bola navidad<\/h2>\n\t<span class=\"price\"><span class=\"woocommerce-Price-amount amount\"><bdi>4,50&nbsp;<span class=\"woocommerce-Price-currencySymbol\">&euro;<\/span><\/bdi><\/span><\/span>\n<\/div><\/div><\/div><\/a><\/div><\/li>\n<li class=\"product type-product post-3182 status-publish last instock product_cat-velas has-post-thumbnail featured taxable shipping-taxable purchasable product-type-simple\">\n\t<div class='inner_product main_color wrapped_style noLightbox  av-product-class-minimal'><a href=\"https:\/\/mellacaseta.cat\/es\/producte\/vela-cactus\/\" class=\"woocommerce-LoopProduct-link woocommerce-loop-product__link\"><div class=\"thumbnail_container\"><img decoding=\"async\" loading=\"lazy\" width=\"600\" height=\"600\" src=\"https:\/\/mellacaseta.cat\/wp-content\/uploads\/2024\/11\/mel-la-caseta-090-e1736759856381-600x600.jpg\" class=\"wp-image-3183 avia-img-lazy-loading-3183 attachment-woocommerce_thumbnail size-woocommerce_thumbnail wp-post-image\" alt=\"\" srcset=\"https:\/\/mellacaseta.cat\/wp-content\/uploads\/2024\/11\/mel-la-caseta-090-e1736759856381-600x600.jpg 600w, https:\/\/mellacaseta.cat\/wp-content\/uploads\/2024\/11\/mel-la-caseta-090-e1736759856381-80x80.jpg 80w, https:\/\/mellacaseta.cat\/wp-content\/uploads\/2024\/11\/mel-la-caseta-090-e1736759856381-300x300.jpg 300w, https:\/\/mellacaseta.cat\/wp-content\/uploads\/2024\/11\/mel-la-caseta-090-e1736759856381-768x768.jpg 768w, https:\/\/mellacaseta.cat\/wp-content\/uploads\/2024\/11\/mel-la-caseta-090-e1736759856381-1030x1030.jpg 1030w, https:\/\/mellacaseta.cat\/wp-content\/uploads\/2024\/11\/mel-la-caseta-090-e1736759856381-1536x1536.jpg 1536w, https:\/\/mellacaseta.cat\/wp-content\/uploads\/2024\/11\/mel-la-caseta-090-e1736759856381-36x36.jpg 36w, https:\/\/mellacaseta.cat\/wp-content\/uploads\/2024\/11\/mel-la-caseta-090-e1736759856381-180x180.jpg 180w, https:\/\/mellacaseta.cat\/wp-content\/uploads\/2024\/11\/mel-la-caseta-090-e1736759856381-1500x1500.jpg 1500w, https:\/\/mellacaseta.cat\/wp-content\/uploads\/2024\/11\/mel-la-caseta-090-e1736759856381-705x705.jpg 705w, https:\/\/mellacaseta.cat\/wp-content\/uploads\/2024\/11\/mel-la-caseta-090-e1736759856381-120x120.jpg 120w, https:\/\/mellacaseta.cat\/wp-content\/uploads\/2024\/11\/mel-la-caseta-090-e1736759856381-450x450.jpg 450w, https:\/\/mellacaseta.cat\/wp-content\/uploads\/2024\/11\/mel-la-caseta-090-e1736759856381-100x100.jpg 100w, https:\/\/mellacaseta.cat\/wp-content\/uploads\/2024\/11\/mel-la-caseta-090-e1736759856381.jpg 1667w\" sizes=\"auto, (max-width: 600px) 100vw, 600px\" \/><span class=\"cart-loading\"><\/span><\/div><div class='inner_product_header'><div class='avia-arrow'><\/div><div class='inner_product_header_table'><div class='inner_product_header_cell'><h2 class=\"woocommerce-loop-product__title\">Vela Cactus<\/h2>\n\t<span class=\"price\"><span class=\"woocommerce-Price-amount amount\"><bdi>7,85&nbsp;<span class=\"woocommerce-Price-currencySymbol\">&euro;<\/span><\/bdi><\/span><\/span>\n<\/div><\/div><\/div><\/a><\/div><\/li>\n<\/ul><\/div><\/div><div class=\"clear\"><\/div>\n","protected":false},"excerpt":{"rendered":"","protected":false},"author":3,"featured_media":0,"parent":2736,"menu_order":0,"comment_status":"closed","ping_status":"closed","template":"","meta":{"footnotes":""},"class_list":["post-2746","page","type-page","status-publish","hentry"],"yoast_head":"<!-- This site is optimized with the Yoast SEO plugin v27.2 - https:\/\/yoast.com\/product\/yoast-seo-wordpress\/ -->\n<title>Velas artesanales de cera de abeja<\/title>\n<meta name=\"description\" content=\"Ilumina tu hogar con nuestras velas de cera de abeja natural\" \/>\n<meta name=\"robots\" content=\"index, follow, max-snippet:-1, max-image-preview:large, max-video-preview:-1\" \/>\n<link rel=\"canonical\" href=\"https:\/\/mellacaseta.cat\/es\/productos\/velas\/\" \/>\n<meta property=\"og:locale\" content=\"es_ES\" \/>\n<meta property=\"og:type\" content=\"article\" \/>\n<meta property=\"og:title\" content=\"Velas artesanales de cera de abeja\" \/>\n<meta property=\"og:description\" content=\"Ilumina tu hogar con nuestras velas de cera de abeja natural\" \/>\n<meta property=\"og:url\" content=\"https:\/\/mellacaseta.cat\/es\/productos\/velas\/\" \/>\n<meta property=\"og:site_name\" content=\"Mel La Caseta\" \/>\n<meta property=\"article:modified_time\" content=\"2025-01-13T11:51:44+00:00\" \/>\n<meta name=\"twitter:card\" content=\"summary_large_image\" \/>\n<meta name=\"twitter:label1\" content=\"Tiempo de lectura\" \/>\n\t<meta name=\"twitter:data1\" content=\"6 minutos\" \/>\n<script type=\"application\/ld+json\" class=\"yoast-schema-graph\">{\"@context\":\"https:\/\/schema.org\",\"@graph\":[{\"@type\":\"WebPage\",\"@id\":\"https:\/\/mellacaseta.cat\/es\/productos\/velas\/\",\"url\":\"https:\/\/mellacaseta.cat\/es\/productos\/velas\/\",\"name\":\"Velas artesanales de cera de abeja\",\"isPartOf\":{\"@id\":\"https:\/\/mellacaseta.cat\/es\/#website\"},\"datePublished\":\"2025-01-13T11:37:08+00:00\",\"dateModified\":\"2025-01-13T11:51:44+00:00\",\"description\":\"Ilumina tu hogar con nuestras velas de cera de abeja natural\",\"breadcrumb\":{\"@id\":\"https:\/\/mellacaseta.cat\/es\/productos\/velas\/#breadcrumb\"},\"inLanguage\":\"es\",\"potentialAction\":[{\"@type\":\"ReadAction\",\"target\":[\"https:\/\/mellacaseta.cat\/es\/productos\/velas\/\"]}]},{\"@type\":\"BreadcrumbList\",\"@id\":\"https:\/\/mellacaseta.cat\/es\/productos\/velas\/#breadcrumb\",\"itemListElement\":[{\"@type\":\"ListItem\",\"position\":1,\"name\":\"Inici\",\"item\":\"https:\/\/mellacaseta.cat\/es\/inicio\/\"},{\"@type\":\"ListItem\",\"position\":2,\"name\":\"Productos\",\"item\":\"https:\/\/mellacaseta.cat\/es\/productos\/\"},{\"@type\":\"ListItem\",\"position\":3,\"name\":\"Velas\"}]},{\"@type\":\"WebSite\",\"@id\":\"https:\/\/mellacaseta.cat\/es\/#website\",\"url\":\"https:\/\/mellacaseta.cat\/es\/\",\"name\":\"Mel La Caseta\",\"description\":\"Mel 100% artesanal al cor del Bergued\u00e0\",\"potentialAction\":[{\"@type\":\"SearchAction\",\"target\":{\"@type\":\"EntryPoint\",\"urlTemplate\":\"https:\/\/mellacaseta.cat\/es\/?s={search_term_string}\"},\"query-input\":{\"@type\":\"PropertyValueSpecification\",\"valueRequired\":true,\"valueName\":\"search_term_string\"}}],\"inLanguage\":\"es\"}]}<\/script>\n<!-- \/ Yoast SEO plugin. -->","yoast_head_json":{"title":"Velas artesanales de cera de abeja","description":"Ilumina tu hogar con nuestras velas de cera de abeja natural","robots":{"index":"index","follow":"follow","max-snippet":"max-snippet:-1","max-image-preview":"max-image-preview:large","max-video-preview":"max-video-preview:-1"},"canonical":"https:\/\/mellacaseta.cat\/es\/productos\/velas\/","og_locale":"es_ES","og_type":"article","og_title":"Velas artesanales de cera de abeja","og_description":"Ilumina tu hogar con nuestras velas de cera de abeja natural","og_url":"https:\/\/mellacaseta.cat\/es\/productos\/velas\/","og_site_name":"Mel La Caseta","article_modified_time":"2025-01-13T11:51:44+00:00","twitter_card":"summary_large_image","twitter_misc":{"Tiempo de lectura":"6 minutos"},"schema":{"@context":"https:\/\/schema.org","@graph":[{"@type":"WebPage","@id":"https:\/\/mellacaseta.cat\/es\/productos\/velas\/","url":"https:\/\/mellacaseta.cat\/es\/productos\/velas\/","name":"Velas artesanales de cera de abeja","isPartOf":{"@id":"https:\/\/mellacaseta.cat\/es\/#website"},"datePublished":"2025-01-13T11:37:08+00:00","dateModified":"2025-01-13T11:51:44+00:00","description":"Ilumina tu hogar con nuestras velas de cera de abeja natural","breadcrumb":{"@id":"https:\/\/mellacaseta.cat\/es\/productos\/velas\/#breadcrumb"},"inLanguage":"es","potentialAction":[{"@type":"ReadAction","target":["https:\/\/mellacaseta.cat\/es\/productos\/velas\/"]}]},{"@type":"BreadcrumbList","@id":"https:\/\/mellacaseta.cat\/es\/productos\/velas\/#breadcrumb","itemListElement":[{"@type":"ListItem","position":1,"name":"Inici","item":"https:\/\/mellacaseta.cat\/es\/inicio\/"},{"@type":"ListItem","position":2,"name":"Productos","item":"https:\/\/mellacaseta.cat\/es\/productos\/"},{"@type":"ListItem","position":3,"name":"Velas"}]},{"@type":"WebSite","@id":"https:\/\/mellacaseta.cat\/es\/#website","url":"https:\/\/mellacaseta.cat\/es\/","name":"Mel La Caseta","description":"Mel 100% artesanal al cor del Bergued\u00e0","potentialAction":[{"@type":"SearchAction","target":{"@type":"EntryPoint","urlTemplate":"https:\/\/mellacaseta.cat\/es\/?s={search_term_string}"},"query-input":{"@type":"PropertyValueSpecification","valueRequired":true,"valueName":"search_term_string"}}],"inLanguage":"es"}]}},"_links":{"self":[{"href":"https:\/\/mellacaseta.cat\/es\/wp-json\/wp\/v2\/pages\/2746","targetHints":{"allow":["GET"]}}],"collection":[{"href":"https:\/\/mellacaseta.cat\/es\/wp-json\/wp\/v2\/pages"}],"about":[{"href":"https:\/\/mellacaseta.cat\/es\/wp-json\/wp\/v2\/types\/page"}],"author":[{"embeddable":true,"href":"https:\/\/mellacaseta.cat\/es\/wp-json\/wp\/v2\/users\/3"}],"replies":[{"embeddable":true,"href":"https:\/\/mellacaseta.cat\/es\/wp-json\/wp\/v2\/comments?post=2746"}],"version-history":[{"count":2,"href":"https:\/\/mellacaseta.cat\/es\/wp-json\/wp\/v2\/pages\/2746\/revisions"}],"predecessor-version":[{"id":2794,"href":"https:\/\/mellacaseta.cat\/es\/wp-json\/wp\/v2\/pages\/2746\/revisions\/2794"}],"up":[{"embeddable":true,"href":"https:\/\/mellacaseta.cat\/es\/wp-json\/wp\/v2\/pages\/2736"}],"wp:attachment":[{"href":"https:\/\/mellacaseta.cat\/es\/wp-json\/wp\/v2\/media?parent=2746"}],"curies":[{"name":"wp","href":"https:\/\/api.w.org\/{rel}","templated":true}]}}